{"id":17415,"date":"2025-09-04T15:33:24","date_gmt":"2025-09-04T13:33:24","guid":{"rendered":"https:\/\/blog.febi.com\/informativa-sulla-privacy\/"},"modified":"2025-09-04T15:33:50","modified_gmt":"2025-09-04T13:33:50","slug":"informativa-sulla-privacy","status":"publish","type":"page","link":"https:\/\/blog.febi.com\/it\/informativa-sulla-privacy\/","title":{"rendered":"Informativa sulla privacy"},"content":{"rendered":"\n<h2 class=\"wp-block-heading\">1. Protezione dei dati in sintesi<\/h2>\n\n<h3 class=\"wp-block-heading\">Informazioni generali<\/h3>\n\n<p class=\"wp-block-paragraph\">Le seguenti informazioni forniscono una semplice panoramica di ci\u00f2 che accade ai tuoi dati personali quando visiti il nostro sito web. Per dati personali si intendono tutti i dati che consentono di identificarti personalmente. Informazioni dettagliate sulla protezione dei dati sono disponibili nella nostra informativa sulla protezione dei dati riportata di seguito.  <\/p>\n\n<h3 class=\"wp-block-heading\">Raccolta dati sul nostro sito web<\/h3>\n\n<p class=\"wp-block-paragraph\"><strong>Chi \u00e8 responsabile della raccolta dei dati su questo sito web?<br\/><\/strong>Il trattamento dei dati su questo sito web \u00e8 effettuato dal gestore del sito web. I dati di contatto del gestore del sito web sono riportati nelle note legali presenti su questo sito web. <\/p>\n\n<p class=\"wp-block-paragraph\"><strong>Come raccogliamo i tuoi dati?<br\/><\/strong>Alcuni dei dati che raccogliamo su di te saranno dati che ci fornisci tu stesso. Si pu\u00f2 trattare, ad esempio, dei dati che inserisci in un modulo di contatto.<br\/>Altri dati vengono raccolti automaticamente dai nostri sistemi informatici quando visitate il sito web. Si tratta in particolare di dati tecnici (ad esempio relativi al vostro browser Internet, al sistema operativo o all&#8217;ora in cui accedete al nostro sito web). Questi dati vengono raccolti automaticamente non appena visitate il nostro sito web.   <\/p>\n\n<p class=\"wp-block-paragraph\"><strong>Per cosa utilizziamo i tuoi dati?<\/strong><br\/>Alcuni dati saranno raccolti per garantire che non si verifichino problemi durante la navigazione sul sito web. Altri dati potrebbero essere utilizzati per analizzare il comportamento dell&#8217;utente sul sito web. <\/p>\n\n<p class=\"wp-block-paragraph\"><strong>Quali sono i tuoi diritti in merito ai tuoi dati?<\/strong><br\/>Hai il diritto di ottenere, gratuitamente e in qualsiasi momento, informazioni sulla fonte dei dati personali conservati che ti riguardano, sul destinatario dei dati e sul motivo per cui i tuoi dati personali sono stati trattati. Hai inoltre il diritto di richiedere la rettifica dei dati errati, il blocco dell&#8217;accesso ai tuoi dati o la loro cancellazione. Puoi contattarci in qualsiasi momento per questa e qualsiasi altra domanda relativa ai dati personali all&#8217;indirizzo indicato nelle note legali. Hai inoltre il diritto di presentare ricorso all&#8217;autorit\u00e0 di controllo competente per qualsiasi questione relativa ai tuoi dati personali.   <\/p>\n\n<h3 class=\"wp-block-heading\">Strumenti di analisi e strumenti appartenenti a fornitori terzi<\/h3>\n\n<p class=\"wp-block-paragraph\">Quando visiti il nostro sito web, il tuo comportamento di navigazione pu\u00f2 essere analizzato statisticamente. Ci\u00f2 avviene principalmente tramite cookie e cosiddetti programmi di analisi. Il tuo comportamento di navigazione viene solitamente analizzato in forma anonima; non \u00e8 possibile risalire alla tua persona. Puoi opporti all&#8217;analisi del tuo comportamento di navigazione o impedirla non utilizzando determinati strumenti. Trovi informazioni dettagliate al riguardo nella seguente informativa sulla protezione dei dati.<br\/>\u00c8 possibile opporsi all&#8217;analisi del proprio comportamento di navigazione. Le opportunit\u00e0 di opposizione saranno comunicate nella presente informativa sulla protezione dei dati.      <\/p>\n\n<h2 class=\"wp-block-heading\">2. Informazioni generali e informazioni obbligatorie<\/h2>\n\n<h3 class=\"wp-block-heading\">Protezione dei dati<\/h3>\n\n<p class=\"wp-block-paragraph\">Gli operatori di queste pagine prendono molto sul serio la protezione dei vostri dati personali. Tratteremo i vostri dati personali in modo confidenziale e in conformit\u00e0 con i requisiti di legge in materia di protezione dei dati e con la presente informativa sulla protezione dei dati. <\/p>\n\n<p class=\"wp-block-paragraph\">Quando utilizzi questo sito web, vengono raccolti diversi dati personali. Per dati personali si intendono tutti i dati che consentono di identificarti personalmente. La presente informativa sulla protezione dei dati spiega quali dati raccogliamo e per quali scopi li utilizziamo. Spiega inoltre come e per quali scopi lo facciamo.   <\/p>\n\n<p class=\"wp-block-paragraph\">Si prega di notare che il trasferimento di dati tramite Internet (ad esempio tramite comunicazione e-mail) pu\u00f2 presentare vulnerabilit\u00e0. Non \u00e8 possibile proteggere completamente i dati dall&#8217;accesso di terzi. <\/p>\n\n<h3 class=\"wp-block-heading\">Informazioni sul titolare del trattamento dei dati<\/h3>\n\n<p class=\"wp-block-paragraph\">Il responsabile del trattamento dei dati su questo sito web \u00e8:<\/p>\n\n<p class=\"wp-block-paragraph\">Ferdinand Bilstein GmbH + Co. KG<br\/>Wilhelmstr. 47<br\/>58256 Ennepetal<br\/>Telefono: 02333 911-0<br\/>E-Mail: <a href=\"mailto:info@bilsteingroup.com\">info@bilsteingroup.com<\/a> <\/p>\n\n<p class=\"wp-block-paragraph\">Il titolare del trattamento \u00e8 la persona fisica o giuridica che, da sola o insieme ad altri, determina le finalit\u00e0 e le modalit\u00e0 del trattamento dei dati personali (come nomi, indirizzi e-mail, ecc.).<\/p>\n\n<h3 class=\"wp-block-heading\">Revoca del consenso al trattamento dei dati<\/h3>\n\n<p class=\"wp-block-paragraph\">Molte operazioni di trattamento dei dati possono essere effettuate solo con il tuo consenso esplicito. Puoi revocare il tuo consenso in qualsiasi momento. Tutto quello che devi fare \u00e8 inviarci una semplice e-mail. La legalit\u00e0 di qualsiasi trattamento dei dati effettuato prima della revoca del tuo consenso non sar\u00e0 influenzata dalla revoca stessa.    <\/p>\n\n<h3 class=\"wp-block-heading\">Diritto di presentare un reclamo all&#8217;autorit\u00e0 di controllo competente<\/h3>\n\n<p class=\"wp-block-paragraph\">L&#8217;interessato ha il diritto di presentare un reclamo all&#8217;autorit\u00e0 di controllo in merito a qualsiasi violazione della normativa sulla protezione dei dati. L&#8217;autorit\u00e0 di controllo competente in materia di protezione dei dati \u00e8 il garante della protezione dei dati dello Stato federale in cui ha sede la nostra azienda. Un elenco dei responsabili della protezione dei dati e dei loro recapiti \u00e8 disponibile al seguente link: <a rel=\"noreferrer noopener\" aria-label=\"https:\/\/www.bfdi.bund.de\/DE\/Infothek\/Anschriften_Links\/anschriften_links-node.html. (&#xF6;ffnet in neuem Tab)\" href=\"https:\/\/www.bfdi.bund.de\/DE\/Infothek\/Anschriften_Links\/anschriften_links-node.html\" target=\"_blank\">https:\/\/www.bfdi.bund.de\/DE\/Infothek\/Anschriften_Links\/anschriften_links-node.html. <\/a>   <\/p>\n\n<h3 class=\"wp-block-heading\">Diritto alla portabilit\u00e0 dei dati<\/h3>\n\n<p class=\"wp-block-paragraph\">Hai il diritto di ricevere i dati che trattiamo con mezzi automatizzati con il tuo consenso o per l&#8217;esecuzione di un contratto, o di farli trasmettere a terzi in un formato comunemente utilizzato e leggibile da dispositivo automatico. Se richiedi che i dati siano trasferiti direttamente a un altro titolare del trattamento, ci\u00f2 avverr\u00e0 solo se tecnicamente fattibile.  <\/p>\n\n<h3 class=\"wp-block-heading\">Accesso, blocco e cancellazione<\/h3>\n\n<p class=\"wp-block-paragraph\">Hai il diritto di ricevere, gratuitamente e in qualsiasi momento, informazioni sui dati personali che ti riguardano, sulla fonte dei dati, sul destinatario dei dati e sul motivo per cui i tuoi dati personali sono stati trattati, e hai il diritto di chiedere la rettifica o la cancellazione dei dati e il blocco dell&#8217;accesso agli stessi. Se hai domande su questo o su qualsiasi altra questione relativa ai dati personali, puoi contattarci all&#8217;indirizzo indicato nell&#8217;avviso legale.  <\/p>\n\n<h2 class=\"wp-block-heading\">3. Responsabile della protezione dei dati<\/h2>\n\n<h3 class=\"wp-block-heading\">Responsabile della protezione dei dati legalmente designato<\/h3>\n\n<p class=\"wp-block-paragraph\">Sascha Hasselbach<br\/>c\/o EDV-Fortress<br\/>Kronprinzstr. 47-49<br\/>40764 Langenfeld <br\/><a rel=\"noreferrer noopener\" aria-label=\" (&#xF6;ffnet in neuem Tab)\" href=\"https:\/\/www.datenschutz-extern-nrw.de\/\" target=\"_blank\">https:\/\/www.datenschutz-extern-nrw.de\/<\/a><br\/>Telefon: 021732041244<br\/>E-Mail: <a href=\"mailto:privacy@bilsteingroup.com\">privacy@bilsteingroup.com<\/a><\/p>\n\n<h2 class=\"wp-block-heading\">4. Raccolta dei dati sul nostro sito web<\/h2>\n\n<h3 class=\"wp-block-heading\">Cookies<\/h3>\n\n<p class=\"wp-block-paragraph\">I siti web possono utilizzare i cosiddetti cookie. I cookie non causano alcun danno al computer e non contengono virus. Lo scopo dei cookie \u00e8 quello di rendere i nostri contenuti pi\u00f9 facili da usare, pi\u00f9 efficaci e pi\u00f9 sicuri. I cookie sono piccoli file di testo che vengono salvati dal browser sul computer dell&#8217;utente.   <\/p>\n\n<p class=\"wp-block-paragraph\">La maggior parte dei cookie da noi utilizzati sono i cosiddetti \u201ccookie di sessione\u201d. Questi vengono automaticamente cancellati al termine della vostra visita. Altri cookie possono essere salvati sul vostro dispositivo fino a quando non li cancellate. Questi cookie ci consentono di riconoscere il vostro browser alla vostra prossima visita.   <\/p>\n\n<p class=\"wp-block-paragraph\">Sie k\u00f6nnen Ihren Browser so einstellen, dass Sie \u00fcber das Setzen von Cookies informiert werden und Cookies nur im Einzelfall erlauben, die Annahme von Cookies f\u00fcr bestimmte F\u00e4lle oder generell ausschlie\u00dfen sowie das automatische L\u00f6schen der Cookies beim Schlie\u00dfen des Browser aktivieren. Bei der Deaktivierung von Cookies kann die Funktionalit\u00e4t dieser Website eingeschr\u00e4nkt sein. <\/p>\n\n<p class=\"wp-block-paragraph\">\u00c8 possibile configurare il browser in modo da essere informati sull&#8217;utilizzo dei cookie e accettarli solo caso per caso, bloccarne l&#8217;accettazione in casi specifici o in generale e abilitare la cancellazione automatica dei cookie alla chiusura del browser. La disattivazione dei cookie pu\u00f2 compromettere la funzionalit\u00e0 di questo sito web.<br\/>I cookie necessari per eseguire processi di comunicazione elettronica o per fornire determinate funzioni che desideri utilizzare (come la funzione carrello) vengono memorizzati sulla base dell&#8217;articolo 6, paragrafo 1, lettera f) del GDPR. Il gestore del sito web ha un interesse legittimo a memorizzare i cookie sul tuo computer per poterti fornire un servizio tecnicamente impeccabile e ottimizzato. Se sul tuo computer vengono memorizzati altri cookie (ad esempio cookie per l&#8217;analisi del tuo comportamento di navigazione), questi saranno trattati separatamente nella presente informativa sulla protezione dei dati.    <\/p>\n\n<h3 class=\"wp-block-heading\">File di log del server<\/h3>\n\n<p class=\"wp-block-paragraph\">Il fornitore del sito raccoglie e memorizza automaticamente le informazioni nei cosiddetti \u201cfile di log del server\u201d, che il browser dell&#8217;utente ci invia automaticamente. Queste informazioni includono: <\/p>\n\n<ul class=\"wp-block-list\"><li>tipo e versione del browser<\/li><li>sistema operativo utilizzato<\/li><li>URL di provenienza<\/li><li>ora della richiesta al server<\/li><li>Indirizzo IP<\/li><\/ul>\n\n<p class=\"wp-block-paragraph\">Questi dati non saranno incrociati con altre fonti di dati.<\/p>\n\n<p class=\"wp-block-paragraph\">La base giuridica per il trattamento dei dati \u00e8 l&#8217;articolo 6, paragrafo 1, lettera f) del GDPR. Il nostro legittimo interesse deriva dalle finalit\u00e0 di raccolta dei dati elencate di seguito: sicurezza e stabilit\u00e0 del sistema.   <\/p>\n\n<h3 class=\"wp-block-heading\">Modulo di contatto<\/h3>\n\n<p class=\"wp-block-paragraph\">Se ci inviate richieste utilizzando il modulo di contatto, le informazioni fornite nel modulo, compresi i dati di contatto da voi indicati, saranno da noi memorizzate al fine di elaborare la richiesta e per eventuali domande di follow-up. Non trasmetteremo questi dati senza il vostro consenso. <\/p>\n\n<p class=\"wp-block-paragraph\">I dati inseriti nel modulo di contatto saranno quindi trattati esclusivamente con il tuo consenso (articolo 6, paragrafo 1, lettera a) del GDPR). Puoi revocare il tuo consenso in qualsiasi momento. Basta inviarci una semplice e-mail. La revoca del consenso non pregiudica la liceit\u00e0 del trattamento dei dati gi\u00e0 effettuato prima della revoca.   <\/p>\n\n<p class=\"wp-block-paragraph\">I dati forniti nel modulo di contatto rimarranno in nostro possesso fino a quando non ci chiederete di cancellarli, fino a quando non revocherete il vostro consenso alla loro conservazione o fino a quando non sar\u00e0 pi\u00f9 necessario conservarli (ad esempio, una volta elaborata la vostra richiesta). Le disposizioni di legge obbligatorie, in particolare quelle relative ai periodi di conservazione, rimangono invariate. <\/p>\n\n<h3 class=\"wp-block-heading\">Registrazione su questo sito web<\/h3>\n\n<p class=\"wp-block-paragraph\">\u00c8 possibile registrarsi sul nostro sito web per utilizzare funzionalit\u00e0 aggiuntive. Utilizziamo le informazioni inserite esclusivamente per consentire l&#8217;utilizzo dell&#8217;offerta o del servizio per cui ci si \u00e8 registrati. <\/p>\n\n<p class=\"wp-block-paragraph\">Le informazioni obbligatorie richieste durante la registrazione devono essere fornite in modo completo. In caso contrario, la registrazione verr\u00e0 rifiutata. <\/p>\n\n<p class=\"wp-block-paragraph\">In caso di modifiche significative, quali alterazioni dell&#8217;ambito dei nostri servizi o modifiche tecnicamente necessarie, utilizzeremo l&#8217;indirizzo e-mail che ci avete fornito al momento della registrazione per informarvi di conseguenza.<\/p>\n\n<p class=\"wp-block-paragraph\">Il trattamento dei dati inseriti durante la registrazione si basa sul tuo consenso (art. 6, par. 1, lett. a GDPR). Puoi revocare il tuo consenso in qualsiasi momento. A tal fine \u00e8 sufficiente inviarci una semplice e-mail. La revoca non pregiudica la liceit\u00e0 del trattamento dei dati gi\u00e0 effettuato.   <\/p>\n\n<p class=\"wp-block-paragraph\">I dati raccolti durante la registrazione vengono conservati da noi fintanto che l&#8217;utente rimane registrato sul nostro sito web e saranno successivamente cancellati. I periodi di conservazione previsti dalla legge rimangono invariati. <\/p>\n\n<h3 class=\"wp-block-heading\">Registrazione con Facebook Connect<\/h3>\n\n<p class=\"wp-block-paragraph\">Invece di registrarti direttamente sul nostro sito web, puoi utilizzare Facebook Connect per registrarti. Questo servizio \u00e8 fornito da Facebook Ireland Limited, 4 Grand Canal Square, Dublino 2, Irlanda. <\/p>\n\n<p class=\"wp-block-paragraph\">Se decidi di registrarti con Facebook Connect e clicchi sul pulsante \u201cAccedi con Facebook\u201d \/ \u201cConnettiti con Facebook\u201d, verrai reindirizzato automaticamente alla piattaforma Facebook. Qui potrai effettuare il login con i tuoi dati utente. In questo modo il tuo profilo Facebook verr\u00e0 collegato al nostro sito web o ai nostri servizi. Questo collegamento ci consente di accedere ai tuoi dati memorizzati su Facebook. Questi includono soprattutto:    <\/p>\n\n<ul class=\"wp-block-list\"><li>Nome Facebook<\/li><li>Profilo Facebook e foto di copertina<\/li><li>Foto di copertina di Facebook<\/li><li>Indirizzo e-mail memorizzato su Facebook<\/li><li>ID Facebook<\/li><li>Elenco amici di Facebook<\/li><li>Mi piace su Facebook (informazioni sui \u201cMi piace\u201d)<\/li><li>Compleanno<\/li><li>Sesso<\/li><li>Paese<\/li><li>Lingua<\/li><\/ul>\n\n<p class=\"wp-block-paragraph\">Questi dati vengono utilizzati per configurare, fornire e personalizzare il tuo account.<\/p>\n\n<p class=\"wp-block-paragraph\"><a rel=\"noreferrer noopener\" aria-label=\"https:\/\/de-de.facebook.com\/about\/privacy\/ und https:\/\/www.facebook.com\/legal\/terms\/ (&#xF6;ffnet in neuem Tab)\" href=\"https:\/\/de-de.facebook.com\/about\/privacy\/%20und%20https:\/\/www.facebook.com\/legal\/terms\/\" target=\"_blank\"> Per ulteriori informazioni, consultare i Termini di utilizzo di Facebook e l&#8217;Informativa sulla privacy di Facebook. Questi sono disponibili ai seguenti indirizzi: https:\/\/de-de.facebook.com\/about\/privacy\/ und https:\/\/www.facebook.com\/legal\/terms\/<\/a>. <\/p>\n\n<h3 class=\"wp-block-heading\">Funzione commenti su questo sito web<\/h3>\n\n<p class=\"wp-block-paragraph\">Per la funzione di commento su questa pagina, oltre al tuo commento, verranno memorizzate le informazioni relative all&#8217;ora in cui il commento \u00e8 stato creato e, se non pubblichi in modo anonimo, il nome utente che hai scelto. <\/p>\n\n<h3 class=\"wp-block-heading\">Memorizzazione dell&#8217;indirizzo IP<\/h3>\n\n<p class=\"wp-block-paragraph\">La nostra funzione di commento memorizza gli indirizzi IP degli utenti che pubblicano commenti. Poich\u00e9 non controlliamo i commenti sul nostro sito prima che vengano attivati, abbiamo bisogno di questi dati per poter intervenire nei confronti dell&#8217;autore in caso di violazioni quali insulti o propaganda.  <\/p>\n\n<h3 class=\"wp-block-heading\">Subscribing to Comments<\/h3>\n\n<p class=\"wp-block-paragraph\">In qualit\u00e0 di utente del sito, dopo la registrazione puoi iscriverti ai commenti. Riceverai un&#8217;e-mail di conferma per verificare che sei il proprietario dell&#8217;indirizzo e-mail che hai fornito. Puoi annullare l&#8217;iscrizione a questa funzione in qualsiasi momento tramite un link contenuto nelle e-mail informative. In questo caso, i dati inseriti al momento dell&#8217;iscrizione ai commenti saranno cancellati; tuttavia, se ci hai trasmesso questi dati per altri scopi e altrove (ad esempio, iscrizione alla newsletter), essi rimarranno in nostro possesso.   <\/p>\n\n<h3 class=\"wp-block-heading\">Tempo di conservazione dei commenti<\/h3>\n\n<p class=\"wp-block-paragraph\">I commenti e le informazioni correlate (ad es. l&#8217;indirizzo IP) vengono memorizzati e rimangono sul nostro sito web fino a quando il contenuto commentato non viene completamente cancellato o fino a quando i commenti non devono essere cancellati per motivi legali (ad es. commenti offensivi). <\/p>\n\n<h3 class=\"wp-block-heading\">Base giuridica<\/h3>\n\n<p class=\"wp-block-paragraph\">I commenti vengono memorizzati sulla base del tuo consenso (art. 6, par. 1, lett. a GDPR). Puoi revocare il tuo consenso in qualsiasi momento. A tal fine \u00e8 sufficiente inviarci una semplice e-mail. La revoca non pregiudica la liceit\u00e0 del trattamento dei dati gi\u00e0 effettuato.    <\/p>\n\n<h2 class=\"wp-block-heading\">5. Social media<\/h2>\n\n<h3 class=\"wp-block-heading\">Plugin Facebook (pulsanti Mi piace e Condividi)<\/h3>\n\n<p class=\"wp-block-paragraph\">Sulle nostre pagine sono integrati i plugin del social network Facebook, fornito da Facebook Inc, 1 Hacker Way, Menlo Park, California 94025, USA. I plugin di Facebook sono riconoscibili dal logo Facebook o dal pulsante \u201cMi piace\u201d sulla nostra pagina. Una panoramica dei plugin di Facebook \u00e8 disponibile qui: <a href=\"https:\/\/developers.facebook.com\/docs\/plugins\/\" target=\"_blank\" rel=\"noreferrer noopener\" aria-label=\" (&#xF6;ffnet in neuem Tab)\">https:\/\/developers.facebook.com\/docs\/plugins\/<\/a>.<\/p>\n\n<p class=\"wp-block-paragraph\"><a href=\"https:\/\/de-de.facebook.com\/policy.php\" target=\"_blank\" rel=\"noreferrer noopener\" aria-label=\"https:\/\/de-de.facebook.com\/policy.php (&#xF6;ffnet in neuem Tab)\"> Quando visiti le nostre pagine, il plugin stabilisce una connessione diretta tra il tuo browser e il server di Facebook. Facebook riceve l&#8217;informazione che hai visitato il nostro sito con il tuo indirizzo IP. Se clicchi sul pulsante \u201cMi piace\u201d di Facebook mentre sei connesso al tuo account Facebook, puoi collegare il contenuto delle nostre pagine al tuo profilo Facebook. Ci\u00f2 consente a Facebook di associare la visita alle nostre pagine al tuo account utente. Desideriamo informarvi che, in qualit\u00e0 di fornitori di queste pagine, non siamo a conoscenza del contenuto dei dati trasmessi n\u00e9 del loro utilizzo da parte di Facebook. Ulteriori informazioni al riguardo sono disponibili nell&#8217;informativa sulla privacy di Facebook all&#8217;indirizzo: https:\/\/de-de.facebook.com\/policy.php<\/a>.     <\/p>\n\n<p class=\"wp-block-paragraph\">Se non desideri che Facebook possa associare le visite alle nostre pagine al tuo account utente Facebook, esci dal tuo account utente Facebook.<\/p>\n\n<h2 class=\"wp-block-heading\">6. Strumenti di analisi e pubblicit\u00e0<\/h2>\n\n<h3 class=\"wp-block-heading\">Google Analytics<\/h3>\n\n<p class=\"wp-block-paragraph\">Questo sito web utilizza le funzioni del servizio di analisi web Google Analytics. Il fornitore \u00e8 Google Inc., 1600 Amphitheatre Parkway Mountain View, CA 94043, USA.<\/p>\n\n<p class=\"wp-block-paragraph\">Google Analytics utilizza i cosiddetti \u201ccookie\u201d. Si tratta di file di testo salvati sul tuo computer che consentono di analizzare il tuo utilizzo di questo sito web. Le informazioni generate dal cookie relative al tuo utilizzo di questo sito web vengono di norma trasmesse a un server di Google negli Stati Uniti e l\u00ec memorizzate.  <\/p>\n\n<p class=\"wp-block-paragraph\">La base giuridica per la memorizzazione dei cookie di Google Analytics \u00e8 l&#8217;articolo 6, paragrafo 1, lettera f) del GDPR. Il gestore del sito web ha un interesse legittimo ad analizzare il comportamento degli utenti al fine di ottimizzare sia i contenuti web che la pubblicit\u00e0 visualizzata.   <\/p>\n\n<h3 class=\"wp-block-heading\">Anonimizzazione dell&#8217;IP<\/h3>\n\n<p class=\"wp-block-paragraph\">Abbiamo attivato la funzione di anonimizzazione dell&#8217;IP su questo sito web. Google utilizza questa funzione per abbreviare il vostro indirizzo IP all&#8217;interno degli Stati membri dell&#8217;Unione Europea o in altri paesi firmatari dell&#8217;Accordo sullo Spazio Economico Europeo prima di inviarlo agli Stati Uniti. Solo in casi eccezionali l&#8217;indirizzo IP completo verr\u00e0 trasmesso a un server di Google negli Stati Uniti e abbreviato in tale sede. Per conto del gestore di questo sito web, Google utilizzer\u00e0 queste informazioni per analizzare il vostro utilizzo del sito web, compilare report sulle attivit\u00e0 del sito web e fornire altri servizi relativi all&#8217;utilizzo del sito web e di Internet al gestore del sito web. L&#8217;indirizzo IP del vostro browser trasmesso in relazione a Google Analytics non verr\u00e0 incrociato con altri dati in possesso di Google.     <\/p>\n\n<h3 class=\"wp-block-heading\">Plugin del browser<\/h3>\n\n<p class=\"wp-block-paragraph\">\u00c8 possibile impedire la memorizzazione dei cookie selezionando l&#8217;impostazione appropriata nel browser. Tuttavia, in tal caso non sar\u00e0 possibile utilizzare tutte le funzioni di questo sito web nella loro interezza. Inoltre, \u00e8 possibile impedire che i dati generati dal cookie relativi all&#8217;utilizzo del sito web (compreso il proprio indirizzo IP) vengano raccolti e trattati da Google scaricando e installando il plugin del browser disponibile al seguente link: <a rel=\"noreferrer noopener\" aria-label=\"https:\/\/tools.google.com\/dlpage\/gaoptout?hl=de (&#xF6;ffnet in neuem Tab)\" href=\"https:\/\/tools.google.com\/dlpage\/gaoptout?hl=de\" target=\"_blank\">https:\/\/tools.google.com\/dlpage\/gaoptout?hl=de<\/a>.  <br\/><\/p>\n\n<h3 class=\"wp-block-heading\">Rifiuto del consenso alla raccolta dei dati<\/h3>\n\n<p class=\"wp-block-paragraph\">\u00c8 possibile impedire la raccolta dei propri dati da parte di Google Analytics cliccando sul seguente link. Ci\u00f2 attiver\u00e0 un cookie di opt-out che impedir\u00e0 la raccolta dei dati in caso di future visite a questo sito web: Disattiva <a href=\"javascript:gaoo_handle_optout();\" target=\"_blank\" rel=\"noreferrer noopener\" aria-label=\"Google Analytics deaktivieren (&#xF6;ffnet in neuem Tab)\">Google Analytics.<\/a> <\/p>\n\n<p class=\"wp-block-paragraph\"><a rel=\"noreferrer noopener\" aria-label=\"https:\/\/support.google.com\/analytics\/answer\/6004245?hl=de (&#xF6;ffnet in neuem Tab)\" href=\"https:\/\/support.google.com\/analytics\/answer\/6004245?hl=de\" target=\"_blank\"> Ulteriori informazioni sul trattamento dei dati degli utenti da parte di Google Analytics sono disponibili nell&#8217;Informativa sulla privacy di Google: https:\/\/support.google.com\/analytics\/answer\/6004245?hl=de<\/a>.<\/p>\n\n<h3 class=\"wp-block-heading\">Dati demografici in Google Analytics<\/h3>\n\n<p class=\"wp-block-paragraph\">Questo sito web utilizza la funzione \u201cCaratteristiche demografiche\u201d di Google Analytics. Grazie a questa funzione \u00e8 possibile generare report contenenti informazioni relative all&#8217;et\u00e0, al sesso e agli interessi dei visitatori del sito. Questi dati provengono dalla pubblicit\u00e0 personalizzata di Google e dai dati dei visitatori forniti da terze parti. Questi dati non possono essere associati a persone specifiche. \u00c8 possibile disattivare questa funzione in qualsiasi momento tramite le impostazioni degli annunci nel proprio account Google o rifiutare completamente la raccolta dei propri dati da parte di Google Analytics, come descritto nella sezione \u201cOpposizione alla raccolta dei propri dati\u201d.     <\/p>\n\n<h3 class=\"wp-block-heading\">Google AdWords e Google Conversion Tracking<\/h3>\n\n<p class=\"wp-block-paragraph\">Questo sito web utilizza Google AdWords. AdWords \u00e8 un programma di pubblicit\u00e0 online di Google Inc., 1600 Amphitheatre Parkway, Mountain View, CA 94043, Stati Uniti (\u201cGoogle\u201d).<\/p>\n\n<p class=\"wp-block-paragraph\">Nell&#8217;ambito di Google AdWords utilizziamo il cosiddetto \u201cconversion tracking\u201d. Se clicchi su un annuncio pubblicitario inserito da Google, verr\u00e0 depositato un cookie per il monitoraggio delle conversioni. I cookie sono piccoli file di testo che il browser Internet deposita sul computer dell&#8217;utente. Questi cookie perdono la loro efficacia dopo 30 giorni e non possono essere utilizzati per l&#8217;identificazione personale dell&#8217;utente. Se l&#8217;utente visita determinate pagine di questo sito web e il cookie non \u00e8 ancora scaduto, noi e Google siamo in grado di riconoscere che l&#8217;utente ha cliccato sull&#8217;annuncio pubblicitario ed \u00e8 stato reindirizzato a questa pagina.    <\/p>\n\n<p class=\"wp-block-paragraph\">Ogni cliente Google AdWords riceve un cookie diverso. I cookie non possono essere tracciati tramite i siti web dei clienti AdWords. Le informazioni raccolte con l&#8217;aiuto dei cookie di conversione servono a produrre statistiche di conversione per i clienti AdWords che hanno optato per il monitoraggio delle conversioni. Di conseguenza, i clienti vengono informati sul numero totale di utenti che hanno cliccato sul loro annuncio e sono stati reindirizzati a un sito con un tag di monitoraggio delle conversioni. Tuttavia, non ricevono alcuna informazione che consenta di identificare personalmente gli utenti. Se non desiderate partecipare al tracciamento, potete opporvi a tale utilizzo semplicemente disattivando il cookie di tracciamento delle conversioni di Google tramite il vostro browser Internet nelle impostazioni utente. In tal caso non sarete inclusi nelle statistiche di tracciamento delle conversioni. La base per la memorizzazione dei \u201ccookie di conversione\u201d \u00e8 l&#8217;articolo 6, paragrafo 1, lettera f) del GDPR.      <\/p>\n\n<p class=\"wp-block-paragraph\">Il gestore del sito web ha un interesse legittimo ad analizzare il comportamento degli utenti al fine di ottimizzare sia i contenuti web che la pubblicit\u00e0 visualizzata. Maggiori informazioni su Google AdWords e sul tracciamento delle conversioni di Google sono disponibili nell&#8217;informativa sulla privacy di Google: https:\/\/www.google.de\/policies\/privacy\/   <\/p>\n\n<p class=\"wp-block-paragraph\"><a href=\"https:\/\/www.google.de\/policies\/privacy\/\"> Ulteriori informazioni sul trattamento dei dati degli utenti sono disponibili nell&#8217;informativa sulla privacy di YouTube all&#8217;indirizzo: https<\/a><a href=\"https:\/\/www.google.de\/policies\/privacy\/\" target=\"_blank\" rel=\"noreferrer noopener\" aria-label=\":\/\/www.google.de\/policies\/privacy (&#xF6;ffnet in neuem Tab)\">:\/\/www.google.de\/policies\/privacy<\/a><a href=\"https:\/\/www.google.de\/policies\/privacy\/\">\/<\/a>.<\/p>\n\n<p class=\"wp-block-paragraph\">Sie k\u00f6nnen Ihren Browser so einstellen, dass Sie \u00fcber das Setzen von Cookies informiert werden und Cookies nur im Einzelfall erlauben, die Annahme von Cookies f\u00fcr bestimmte F\u00e4lle oder generell ausschlie\u00dfen sowie das automatische L\u00f6schen der Cookies beim Schlie\u00dfen des Browser aktivieren. Bei der Deaktivierung von Cookies kann die Funktionalit\u00e4t dieser Website eingeschr\u00e4nkt sein. <\/p>\n\n<h3 class=\"wp-block-heading\">7. Plugin e strumenti<\/h3>\n\n<h3 class=\"wp-block-heading\">YouTube<\/h3>\n\n<p class=\"wp-block-paragraph\">Il nostro sito web utilizza plug-in del sito YouTube gestito da Google. Il gestore del sito \u00e8 YouTube, LLC, 901 Cherry Ave., San Bruno, CA 94066, USA.<\/p>\n\n<p class=\"wp-block-paragraph\">Se visiti una delle nostre pagine che contiene un plugin di YouTube, verr\u00e0 stabilita una connessione con i server di YouTube. Il server di YouTube verr\u00e0 quindi informato su quali delle nostre pagine hai visitato. <\/p>\n\n<p class=\"wp-block-paragraph\">Se hai effettuato l&#8217;accesso al tuo account YouTube, consentirai a YouTube di associare la tua cronologia di navigazione direttamente al tuo profilo personale. Puoi impedire che ci\u00f2 accada effettuando il logout dal tuo account YouTube. <\/p>\n\n<p class=\"wp-block-paragraph\"><a href=\"https:\/\/www.google.de\/intl\/de\/policies\/privacy\" target=\"_blank\" rel=\"noreferrer noopener\" aria-label=\" (&#xF6;ffnet in neuem Tab)\">Ulteriori informazioni sul trattamento dei dati degli utenti sono disponibili nell&#8217;informativa sulla privacy di YouTube all&#8217;indirizzo: https:\/\/www.google.de\/intl\/de\/policies\/privacy<\/a>.   <\/p>\n\n<h3 class=\"wp-block-heading\">Google Web Fonts<\/h3>\n\n<p class=\"wp-block-paragraph\">Al fine di garantire una visualizzazione uniforme dei caratteri, questo sito web utilizza i cosiddetti Web Font forniti da Google. Quando visiti un sito web, il tuo browser carica i Web Font necessari nella cache del browser per visualizzare correttamente i testi e i caratteri. <\/p>\n\n<p class=\"wp-block-paragraph\">A tal fine, il browser che stai utilizzando deve connettersi ai server di Google. In questo modo, Google viene informato che il nostro sito web \u00e8 stato visitato tramite il tuo indirizzo IP. Utilizziamo Google Web Fonts nell&#8217;interesse di una visualizzazione coerente e accattivante della nostra piattaforma online. Ci\u00f2 rappresenta un interesse legittimo ai sensi dell&#8217;articolo 6, paragrafo 1, lettera f) del GDPR.     <\/p>\n\n<p class=\"wp-block-paragraph\">Se il tuo browser non supporta i Web Font, il tuo computer utilizzer\u00e0 un font standard.<br\/><a href=\"https:\/\/developers.google.com\/fonts\/faq\"> Ulteriori informazioni su Google Web Fonts sono disponibili all&#8217;indirizzo nell&#8217;Informativa sulla privacy di h<\/a><a rel=\"noreferrer noopener\" aria-label=\"ttps:\/\/developers.google.com\/fonts\/faq&#xA0; (&#xF6;ffnet in neuem Tab)\" href=\"https:\/\/developers.google.com\/fonts\/faq\" target=\"_blank\">ttps:\/\/developers.google.com\/fonts\/faq e nell&#8217;Informativa sulla privacy di Google:<\/a><a href=\"https:\/\/www.google.com\/policies\/privacy\/\">https:\/\/www.google.com\/<\/a><a href=\"https:\/\/www.google.com\/policies\/privacy\/\" target=\"_blank\" rel=\"noreferrer noopener\" aria-label=\"policies\/priv (&#xF6;ffnet in neuem Tab)\">policies\/priv<\/a><a href=\"https:\/\/www.google.com\/policies\/privacy\/\">acy\/<\/a>.<\/p>\n\n<p class=\"wp-block-paragraph\"><br\/><\/p>\n<div class=\"shariff shariff-align-left shariff-widget-align-left\"><ul class=\"shariff-buttons theme-default orientation-horizontal buttonsize-medium\"><li class=\"shariff-button facebook shariff-nocustomcolor\" style=\"background-color:#4273c8\"><a href=\"https:\/\/www.facebook.com\/sharer\/sharer.php?u=https%3A%2F%2Fblog.febi.com%2Fit%2Finformativa-sulla-privacy%2F\" title=\"Bei Facebook teilen\" aria-label=\"Bei Facebook teilen\" role=\"button\" rel=\"nofollow\" class=\"shariff-link\" style=\"; background-color:#3b5998; color:#fff\" target=\"_blank\"><span class=\"shariff-icon\" style=\"\"><svg width=\"32px\" height=\"20px\" xmlns=\"http:\/\/www.w3.org\/2000\/svg\" viewBox=\"0 0 18 32\"><path fill=\"#3b5998\" d=\"M17.1 0.2v4.7h-2.8q-1.5 0-2.1 0.6t-0.5 1.9v3.4h5.2l-0.7 5.3h-4.5v13.6h-5.5v-13.6h-4.5v-5.3h4.5v-3.9q0-3.3 1.9-5.2t5-1.8q2.6 0 4.1 0.2z\"\/><\/svg><\/span><span class=\"shariff-text\">teilen<\/span>&nbsp;<\/a><\/li><li class=\"shariff-button twitter shariff-nocustomcolor\" style=\"background-color:#595959\"><a href=\"https:\/\/twitter.com\/share?url=https%3A%2F%2Fblog.febi.com%2Fit%2Finformativa-sulla-privacy%2F&text=Informativa%20sulla%20privacy\" title=\"Bei X teilen\" aria-label=\"Bei X teilen\" role=\"button\" rel=\"noopener nofollow\" class=\"shariff-link\" style=\"; background-color:#000; color:#fff\" target=\"_blank\"><span class=\"shariff-icon\" style=\"\"><svg width=\"32px\" height=\"20px\" xmlns=\"http:\/\/www.w3.org\/2000\/svg\" viewBox=\"0 0 24 24\"><path fill=\"#000\" d=\"M14.258 10.152L23.176 0h-2.113l-7.747 8.813L7.133 0H0l9.352 13.328L0 23.973h2.113l8.176-9.309 6.531 9.309h7.133zm-2.895 3.293l-.949-1.328L2.875 1.56h3.246l6.086 8.523.945 1.328 7.91 11.078h-3.246zm0 0\"\/><\/svg><\/span><span class=\"shariff-text\">teilen<\/span>&nbsp;<\/a><\/li><li class=\"shariff-button linkedin shariff-nocustomcolor\" style=\"background-color:#1488bf\"><a href=\"https:\/\/www.linkedin.com\/sharing\/share-offsite\/?url=https%3A%2F%2Fblog.febi.com%2Fit%2Finformativa-sulla-privacy%2F\" title=\"Bei LinkedIn teilen\" aria-label=\"Bei LinkedIn teilen\" role=\"button\" rel=\"noopener nofollow\" class=\"shariff-link\" style=\"; background-color:#0077b5; color:#fff\" target=\"_blank\"><span class=\"shariff-icon\" style=\"\"><svg width=\"32px\" height=\"20px\" xmlns=\"http:\/\/www.w3.org\/2000\/svg\" viewBox=\"0 0 27 32\"><path fill=\"#0077b5\" d=\"M6.2 11.2v17.7h-5.9v-17.7h5.9zM6.6 5.7q0 1.3-0.9 2.2t-2.4 0.9h0q-1.5 0-2.4-0.9t-0.9-2.2 0.9-2.2 2.4-0.9 2.4 0.9 0.9 2.2zM27.4 18.7v10.1h-5.9v-9.5q0-1.9-0.7-2.9t-2.3-1.1q-1.1 0-1.9 0.6t-1.2 1.5q-0.2 0.5-0.2 1.4v9.9h-5.9q0-7.1 0-11.6t0-5.3l0-0.9h5.9v2.6h0q0.4-0.6 0.7-1t1-0.9 1.6-0.8 2-0.3q3 0 4.9 2t1.9 6z\"\/><\/svg><\/span><span class=\"shariff-text\">teilen<\/span>&nbsp;<\/a><\/li><li class=\"shariff-button mailto shariff-nocustomcolor\" style=\"background-color:#a8a8a8\"><a href=\"mailto:?body=https%3A%2F%2Fblog.febi.com%2Fit%2Finformativa-sulla-privacy%2F&subject=Informativa%20sulla%20privacy\" title=\"Per E-Mail versenden\" aria-label=\"Per E-Mail versenden\" role=\"button\" rel=\"noopener nofollow\" class=\"shariff-link\" style=\"; background-color:#999; color:#fff\"><span class=\"shariff-icon\" style=\"\"><svg width=\"32px\" height=\"20px\" xmlns=\"http:\/\/www.w3.org\/2000\/svg\" viewBox=\"0 0 32 32\"><path fill=\"#999\" d=\"M32 12.7v14.2q0 1.2-0.8 2t-2 0.9h-26.3q-1.2 0-2-0.9t-0.8-2v-14.2q0.8 0.9 1.8 1.6 6.5 4.4 8.9 6.1 1 0.8 1.6 1.2t1.7 0.9 2 0.4h0.1q0.9 0 2-0.4t1.7-0.9 1.6-1.2q3-2.2 8.9-6.1 1-0.7 1.8-1.6zM32 7.4q0 1.4-0.9 2.7t-2.2 2.2q-6.7 4.7-8.4 5.8-0.2 0.1-0.7 0.5t-1 0.7-0.9 0.6-1.1 0.5-0.9 0.2h-0.1q-0.4 0-0.9-0.2t-1.1-0.5-0.9-0.6-1-0.7-0.7-0.5q-1.6-1.1-4.7-3.2t-3.6-2.6q-1.1-0.7-2.1-2t-1-2.5q0-1.4 0.7-2.3t2.1-0.9h26.3q1.2 0 2 0.8t0.9 2z\"\/><\/svg><\/span><span class=\"shariff-text\">E-Mail<\/span>&nbsp;<\/a><\/li><li class=\"shariff-button printer shariff-nocustomcolor\" style=\"background-color:#a8a8a8\"><a href=\"javascript:window.print()\" title=\"drucken\" aria-label=\"drucken\" role=\"button\" rel=\"noopener nofollow\" class=\"shariff-link\" style=\"; background-color:#999; color:#fff\"><span class=\"shariff-icon\" style=\"\"><svg width=\"32px\" height=\"20px\" xmlns=\"http:\/\/www.w3.org\/2000\/svg\" viewBox=\"0 0 30 32\"><path fill=\"#999\" d=\"M6.8 27.4h16v-4.6h-16v4.6zM6.8 16h16v-6.8h-2.8q-0.7 0-1.2-0.5t-0.5-1.2v-2.8h-11.4v11.4zM27.4 17.2q0-0.5-0.3-0.8t-0.8-0.4-0.8 0.4-0.3 0.8 0.3 0.8 0.8 0.3 0.8-0.3 0.3-0.8zM29.7 17.2v7.4q0 0.2-0.2 0.4t-0.4 0.2h-4v2.8q0 0.7-0.5 1.2t-1.2 0.5h-17.2q-0.7 0-1.2-0.5t-0.5-1.2v-2.8h-4q-0.2 0-0.4-0.2t-0.2-0.4v-7.4q0-1.4 1-2.4t2.4-1h1.2v-9.7q0-0.7 0.5-1.2t1.2-0.5h12q0.7 0 1.6 0.4t1.3 0.8l2.7 2.7q0.5 0.5 0.9 1.4t0.4 1.6v4.6h1.1q1.4 0 2.4 1t1 2.4z\"\/><\/svg><\/span><span class=\"shariff-text\">drucken<\/span>&nbsp;<\/a><\/li><\/ul><\/div>","protected":false},"excerpt":{"rendered":"<p>1. Protezione dei dati in sintesi Informazioni generali Le seguenti informazioni forniscono una semplice panoramica di ci\u00f2 che accade ai tuoi dati personali quando visiti il nostro sito web. Per dati personali si intendono tutti i dati che consentono di identificarti personalmente. Informazioni dettagliate sulla protezione dei dati sono disponibili nella nostra informativa sulla protezione [&hellip;]<\/p>\n","protected":false},"author":24,"featured_media":0,"parent":0,"menu_order":0,"comment_status":"closed","ping_status":"closed","template":"","meta":{"footnotes":""},"class_list":["post-17415","page","type-page","status-publish"],"yoast_head":"<!-- This site is optimized with the Yoast SEO plugin v28.4 - https:\/\/yoast.com\/product\/yoast-seo-wordpress\/ -->\n<title>Informativa sulla privacy - febi Blog<\/title>\n<meta name=\"robots\" content=\"index, follow, max-snippet:-1, max-image-preview:large, max-video-preview:-1\" \/>\n<link rel=\"canonical\" href=\"https:\/\/blog.febi.com\/it\/informativa-sulla-privacy\/\" \/>\n<meta property=\"og:locale\" content=\"it_IT\" \/>\n<meta property=\"og:type\" content=\"article\" \/>\n<meta property=\"og:title\" content=\"Informativa sulla privacy - febi Blog\" \/>\n<meta property=\"og:description\" content=\"1. Protezione dei dati in sintesi Informazioni generali Le seguenti informazioni forniscono una semplice panoramica di ci\u00f2 che accade ai tuoi dati personali quando visiti il nostro sito web. Per dati personali si intendono tutti i dati che consentono di identificarti personalmente. Informazioni dettagliate sulla protezione dei dati sono disponibili nella nostra informativa sulla protezione [&hellip;]\" \/>\n<meta property=\"og:url\" content=\"https:\/\/blog.febi.com\/it\/informativa-sulla-privacy\/\" \/>\n<meta property=\"og:site_name\" content=\"febi Blog\" \/>\n<meta property=\"article:modified_time\" content=\"2025-09-04T13:33:50+00:00\" \/>\n<meta property=\"og:image\" content=\"https:\/\/blog.febi.com\/wp-content\/uploads\/2023\/04\/bilstein-group-Gelsenkirchen_03-scaled.jpg\" \/>\n\t<meta property=\"og:image:width\" content=\"2560\" \/>\n\t<meta property=\"og:image:height\" content=\"1440\" \/>\n\t<meta property=\"og:image:type\" content=\"image\/jpeg\" \/>\n<meta name=\"twitter:card\" content=\"summary_large_image\" \/>\n<meta name=\"twitter:label1\" content=\"Tempo di lettura stimato\" \/>\n\t<meta name=\"twitter:data1\" content=\"17 minuti\" \/>\n<script type=\"application\/ld+json\" class=\"yoast-schema-graph\">{\"@context\":\"https:\\\/\\\/schema.org\",\"@graph\":[{\"@type\":\"WebPage\",\"@id\":\"https:\\\/\\\/blog.febi.com\\\/it\\\/informativa-sulla-privacy\\\/\",\"url\":\"https:\\\/\\\/blog.febi.com\\\/it\\\/informativa-sulla-privacy\\\/\",\"name\":\"Informativa sulla privacy - febi Blog\",\"isPartOf\":{\"@id\":\"https:\\\/\\\/blog.febi.com\\\/#website\"},\"datePublished\":\"2025-09-04T13:33:24+00:00\",\"dateModified\":\"2025-09-04T13:33:50+00:00\",\"breadcrumb\":{\"@id\":\"https:\\\/\\\/blog.febi.com\\\/it\\\/informativa-sulla-privacy\\\/#breadcrumb\"},\"inLanguage\":\"it-IT\",\"potentialAction\":[{\"@type\":\"ReadAction\",\"target\":[\"https:\\\/\\\/blog.febi.com\\\/it\\\/informativa-sulla-privacy\\\/\"]}]},{\"@type\":\"BreadcrumbList\",\"@id\":\"https:\\\/\\\/blog.febi.com\\\/it\\\/informativa-sulla-privacy\\\/#breadcrumb\",\"itemListElement\":[{\"@type\":\"ListItem\",\"position\":1,\"name\":\"Startseite\",\"item\":\"https:\\\/\\\/blog.febi.com\\\/it\\\/\"},{\"@type\":\"ListItem\",\"position\":2,\"name\":\"Informativa sulla privacy\"}]},{\"@type\":\"WebSite\",\"@id\":\"https:\\\/\\\/blog.febi.com\\\/#website\",\"url\":\"https:\\\/\\\/blog.febi.com\\\/\",\"name\":\"febi Blog\",\"description\":\"\",\"potentialAction\":[{\"@type\":\"SearchAction\",\"target\":{\"@type\":\"EntryPoint\",\"urlTemplate\":\"https:\\\/\\\/blog.febi.com\\\/?s={search_term_string}\"},\"query-input\":{\"@type\":\"PropertyValueSpecification\",\"valueRequired\":true,\"valueName\":\"search_term_string\"}}],\"inLanguage\":\"it-IT\"}]}<\/script>\n<!-- \/ Yoast SEO plugin. -->","yoast_head_json":{"title":"Informativa sulla privacy - febi Blog","robots":{"index":"index","follow":"follow","max-snippet":"max-snippet:-1","max-image-preview":"max-image-preview:large","max-video-preview":"max-video-preview:-1"},"canonical":"https:\/\/blog.febi.com\/it\/informativa-sulla-privacy\/","og_locale":"it_IT","og_type":"article","og_title":"Informativa sulla privacy - febi Blog","og_description":"1. Protezione dei dati in sintesi Informazioni generali Le seguenti informazioni forniscono una semplice panoramica di ci\u00f2 che accade ai tuoi dati personali quando visiti il nostro sito web. Per dati personali si intendono tutti i dati che consentono di identificarti personalmente. Informazioni dettagliate sulla protezione dei dati sono disponibili nella nostra informativa sulla protezione [&hellip;]","og_url":"https:\/\/blog.febi.com\/it\/informativa-sulla-privacy\/","og_site_name":"febi Blog","article_modified_time":"2025-09-04T13:33:50+00:00","og_image":[{"width":2560,"height":1440,"url":"https:\/\/blog.febi.com\/wp-content\/uploads\/2023\/04\/bilstein-group-Gelsenkirchen_03-scaled.jpg","type":"image\/jpeg"}],"twitter_card":"summary_large_image","twitter_misc":{"Tempo di lettura stimato":"17 minuti"},"schema":{"@context":"https:\/\/schema.org","@graph":[{"@type":"WebPage","@id":"https:\/\/blog.febi.com\/it\/informativa-sulla-privacy\/","url":"https:\/\/blog.febi.com\/it\/informativa-sulla-privacy\/","name":"Informativa sulla privacy - febi Blog","isPartOf":{"@id":"https:\/\/blog.febi.com\/#website"},"datePublished":"2025-09-04T13:33:24+00:00","dateModified":"2025-09-04T13:33:50+00:00","breadcrumb":{"@id":"https:\/\/blog.febi.com\/it\/informativa-sulla-privacy\/#breadcrumb"},"inLanguage":"it-IT","potentialAction":[{"@type":"ReadAction","target":["https:\/\/blog.febi.com\/it\/informativa-sulla-privacy\/"]}]},{"@type":"BreadcrumbList","@id":"https:\/\/blog.febi.com\/it\/informativa-sulla-privacy\/#breadcrumb","itemListElement":[{"@type":"ListItem","position":1,"name":"Startseite","item":"https:\/\/blog.febi.com\/it\/"},{"@type":"ListItem","position":2,"name":"Informativa sulla privacy"}]},{"@type":"WebSite","@id":"https:\/\/blog.febi.com\/#website","url":"https:\/\/blog.febi.com\/","name":"febi Blog","description":"","potentialAction":[{"@type":"SearchAction","target":{"@type":"EntryPoint","urlTemplate":"https:\/\/blog.febi.com\/?s={search_term_string}"},"query-input":{"@type":"PropertyValueSpecification","valueRequired":true,"valueName":"search_term_string"}}],"inLanguage":"it-IT"}]}},"_links":{"self":[{"href":"https:\/\/blog.febi.com\/it\/wp-json\/wp\/v2\/pages\/17415","targetHints":{"allow":["GET"]}}],"collection":[{"href":"https:\/\/blog.febi.com\/it\/wp-json\/wp\/v2\/pages"}],"about":[{"href":"https:\/\/blog.febi.com\/it\/wp-json\/wp\/v2\/types\/page"}],"author":[{"embeddable":true,"href":"https:\/\/blog.febi.com\/it\/wp-json\/wp\/v2\/users\/24"}],"replies":[{"embeddable":true,"href":"https:\/\/blog.febi.com\/it\/wp-json\/wp\/v2\/comments?post=17415"}],"version-history":[{"count":3,"href":"https:\/\/blog.febi.com\/it\/wp-json\/wp\/v2\/pages\/17415\/revisions"}],"predecessor-version":[{"id":17418,"href":"https:\/\/blog.febi.com\/it\/wp-json\/wp\/v2\/pages\/17415\/revisions\/17418"}],"wp:attachment":[{"href":"https:\/\/blog.febi.com\/it\/wp-json\/wp\/v2\/media?parent=17415"}],"curies":[{"name":"wp","href":"https:\/\/api.w.org\/{rel}","templated":true}]}}